{"id":8,"date":"2012-08-07T11:22:48","date_gmt":"2012-08-07T11:22:48","guid":{"rendered":"http:\/\/rolas.home.pl\/autoinstalator\/wordpress\/?page_id=8"},"modified":"2025-11-27T16:44:01","modified_gmt":"2025-11-27T16:44:01","slug":"rada-nadzorcza","status":"publish","type":"page","link":"https:\/\/www.zaparkiem.pl\/?page_id=8","title":{"rendered":"Rada Nadzorcza"},"content":{"rendered":"<p style=\"text-align: center;\">Rada Nadzorcza SM &#8222;W\u0141ODARZEWSKA &#8211; ZA PARKIEM&#8221; informuje, \u017ce\u00a0 S\u0105d Rejonowy dla M.St. Warszawy XIX Wydzia\u0142 Gospodarczy Krajowego Rejestru S\u0105dowego, w dniu 05 marca 2004r. dokona\u0142 wpisu do REJESTRU PRZEDSI\u0118BIORCOW, Sp\u00f3\u0142dzielni Mieszkaniowej &#8222;W\u0141ODARZEWSKA &#8211; ZA PARKIEM&#8221; z siedzib\u0105 w Warszawie przy ul W\u0142odarzewskiej 51H lokal 34.<\/p>\n<p style=\"text-align: center;\" align=\"left\">Zgodnie z Uchwa\u0142\u0105 Nr 41 \/ 2023 z dnia 10 maja 2023 roku<br \/>\noraz Uchwa\u0142\u0105 Nr 64 \/ 2025 z dnia 11 pa\u017adziernika 2025 roku<br \/>\nRada Nadzorcza S. M. \u201eW\u0142odarzewska \u2013 Za Parkiem\u201d ukonstytuowa\u0142a si\u0119 w nast\u0119puj\u0105cym sk\u0142adzie:<\/p>\n<p style=\"text-align: center;\" align=\"left\"><strong>Janusz \u0141aski\u00a0 \u00a0 \u00a0 \u00a0 \u00a0 \u00a0 \u00a0 \u00a0 \u2013\u00a0\u00a0 Przewodnicz\u0105cy<\/strong><br \/>\n<strong>Maciej Turek\u00a0 \u00a0 \u00a0 \u00a0 \u00a0 \u00a0 \u00a0 \u00a0\u2013\u00a0\u00a0 Wiceprzewodnicz\u0105cy<\/strong><strong><br \/>\nWanda Korczak\u00a0 \u00a0 \u00a0 \u00a0 \u00a0 \u00a0\u2013\u00a0\u00a0 Sekretarz<\/strong><strong><br \/>\n<\/strong><strong>Tomasz Stawarski\u00a0 \u00a0 \u00a0 \u00a0\u2013\u00a0\u00a0 Cz\u0142onek<\/strong><\/p>\n<p>&nbsp;<\/p>\n<p style=\"text-align: center;\"><strong>\u00a0\u00a0\u00a0\u00a0 <\/strong><\/p>\n<p>&nbsp;<\/p>\n<p>&nbsp;<\/p>\n","protected":false},"excerpt":{"rendered":"<p>Rada Nadzorcza SM &#8222;W\u0141ODARZEWSKA &#8211; ZA PARKIEM&#8221; informuje, \u017ce\u00a0 S\u0105d Rejonowy dla M.St. Warszawy XIX Wydzia\u0142 Gospodarczy Krajowego Rejestru S\u0105dowego, w dniu 05 marca 2004r. dokona\u0142 wpisu do REJESTRU PRZEDSI\u0118BIORCOW, Sp\u00f3\u0142dzielni Mieszkaniowej &#8222;W\u0141ODARZEWSKA &#8211; ZA PARKIEM&#8221; z siedzib\u0105 w Warszawie &hellip; <a href=\"https:\/\/www.zaparkiem.pl\/?page_id=8\">Czytaj dalej <span class=\"meta-nav\">&rarr;<\/span><\/a><\/p>\n","protected":false},"author":1,"featured_media":0,"parent":0,"menu_order":3,"comment_status":"closed","ping_status":"closed","template":"","meta":{"footnotes":""},"class_list":["post-8","page","type-page","status-publish","hentry"],"_links":{"self":[{"href":"https:\/\/www.zaparkiem.pl\/index.php?rest_route=\/wp\/v2\/pages\/8","targetHints":{"allow":["GET"]}}],"collection":[{"href":"https:\/\/www.zaparkiem.pl\/index.php?rest_route=\/wp\/v2\/pages"}],"about":[{"href":"https:\/\/www.zaparkiem.pl\/index.php?rest_route=\/wp\/v2\/types\/page"}],"author":[{"embeddable":true,"href":"https:\/\/www.zaparkiem.pl\/index.php?rest_route=\/wp\/v2\/users\/1"}],"replies":[{"embeddable":true,"href":"https:\/\/www.zaparkiem.pl\/index.php?rest_route=%2Fwp%2Fv2%2Fcomments&post=8"}],"version-history":[{"count":21,"href":"https:\/\/www.zaparkiem.pl\/index.php?rest_route=\/wp\/v2\/pages\/8\/revisions"}],"predecessor-version":[{"id":1223,"href":"https:\/\/www.zaparkiem.pl\/index.php?rest_route=\/wp\/v2\/pages\/8\/revisions\/1223"}],"wp:attachment":[{"href":"https:\/\/www.zaparkiem.pl\/index.php?rest_route=%2Fwp%2Fv2%2Fmedia&parent=8"}],"curies":[{"name":"wp","href":"https:\/\/api.w.org\/{rel}","templated":true}]}}